{"id":47,"date":"2023-07-17T14:27:31","date_gmt":"2023-07-17T14:27:31","guid":{"rendered":"http:\/\/noxiy.local\/?page_id=47"},"modified":"2025-06-26T16:59:52","modified_gmt":"2025-06-26T16:59:52","slug":"preguntas","status":"publish","type":"page","link":"https:\/\/www.nutraautism.com\/?page_id=47","title":{"rendered":"Preguntas Frecuentes"},"content":{"rendered":"\t\t<div data-elementor-type=\"wp-page\" data-elementor-id=\"47\" class=\"elementor elementor-47\">\n\t\t\t\t\t\t<section class=\"elementor-section elementor-top-section elementor-element elementor-element-c920806 elementor-section-boxed elementor-section-height-default elementor-section-height-default\" data-id=\"c920806\" data-element_type=\"section\" data-e-type=\"section\">\n\t\t\t\t\t\t<div class=\"elementor-container elementor-column-gap-default\">\n\t\t\t\t\t<div class=\"elementor-column elementor-col-50 elementor-top-column elementor-element elementor-element-388e0e0\" data-id=\"388e0e0\" data-element_type=\"column\" data-e-type=\"column\">\n\t\t\t<div class=\"elementor-widget-wrap elementor-element-populated\">\n\t\t\t\t\t\t<div class=\"elementor-element elementor-element-a0a7108 elementor-widget__width-auto elementor-widget elementor-widget-image-noxiy\" data-id=\"a0a7108\" data-element_type=\"widget\" data-e-type=\"widget\" data-widget_type=\"image-noxiy.default\">\n\t\t\t\t<div class=\"elementor-widget-container\">\n\t\t\t\t\t\r\n\r\n        \r\n            <div class=\"about__five-left\">\r\n                                <div class=\"about__five-left-image\">\r\n                    <div class=\"about__five-left-image-left image-overlay\">\r\n                        <img decoding=\"async\" src=\"https:\/\/www.nutraautism.com\/wp-content\/uploads\/2024\/02\/nina-linda-come-ensalada-frutas-scaled-e1707168690160.jpg\" alt=\"No alt text\" \/>                    <\/div>\r\n                    <div class=\"about__five-left-image-right\">\r\n                        <div class=\"image-overlay\">\r\n                            <img decoding=\"async\" src=\"https:\/\/www.nutraautism.com\/wp-content\/uploads\/2024\/02\/2150903275.jpg\" alt=\"No alt text\" \/>                        <\/div>\r\n                        <div class=\"image-overlay\">\r\n                            <img decoding=\"async\" src=\"https:\/\/www.nutraautism.com\/wp-content\/uploads\/2024\/02\/6969.jpg\" alt=\"No alt text\" \/>                        <\/div>\r\n                    <\/div>\r\n                    <div class=\"about__five-left-image-experience\">\r\n                        <h1><span class=\"counter\">\r\n                                                            <\/span>                        <\/h1>\r\n                        <h6>\r\n                                                    <\/h6>\r\n                    <\/div>\r\n                <\/div>\r\n            <\/div>\r\n\r\n        \r\n\r\n        \r\n\r\n        \r\n\r\n        \r\n\r\n        \r\n\r\n                \r\n\r\n\r\n                \r\n\r\n\r\n        \r\n\r\n        \r\n        \r\n         \r\n        \r\n        \r\n          \r\n        \r\n\r\n\r\n        \t\t\t\t<\/div>\n\t\t\t\t<\/div>\n\t\t\t\t\t<\/div>\n\t\t<\/div>\n\t\t\t\t<div class=\"elementor-column elementor-col-50 elementor-top-column elementor-element elementor-element-fcc9020\" data-id=\"fcc9020\" data-element_type=\"column\" data-e-type=\"column\">\n\t\t\t<div class=\"elementor-widget-wrap elementor-element-populated\">\n\t\t\t\t\t\t<div class=\"elementor-element elementor-element-8e89f6b elementor-widget-tablet__width-inherit elementor-widget-mobile__width-inherit elementor-widget elementor-widget-heading\" data-id=\"8e89f6b\" data-element_type=\"widget\" data-e-type=\"widget\" data-widget_type=\"heading.default\">\n\t\t\t\t<div class=\"elementor-widget-container\">\n\t\t\t\t\t<h2 class=\"elementor-heading-title elementor-size-default\">Encuentra el apoyo que necesitas para guiar a tus peque\u00f1os hacia una vida saludable <\/h2>\t\t\t\t<\/div>\n\t\t\t\t<\/div>\n\t\t\t\t\t<\/div>\n\t\t<\/div>\n\t\t\t\t\t<\/div>\n\t\t<\/section>\n\t\t<div class=\"elementor-element elementor-element-6d1ef8b e-flex e-con-boxed e-con e-parent\" data-id=\"6d1ef8b\" data-element_type=\"container\" data-e-type=\"container\">\n\t\t\t\t\t<div class=\"e-con-inner\">\n\t\t<div class=\"elementor-element elementor-element-021e34e e-flex e-con-boxed e-con e-child\" data-id=\"021e34e\" data-element_type=\"container\" data-e-type=\"container\">\n\t\t\t\t\t<div class=\"e-con-inner\">\n\t\t\t\t<div class=\"elementor-element elementor-element-1cf71b7 elementor-widget elementor-widget-faq_noxiy\" data-id=\"1cf71b7\" data-element_type=\"widget\" data-e-type=\"widget\" data-widget_type=\"faq_noxiy.default\">\n\t\t\t\t<div class=\"elementor-widget-container\">\n\t\t\t\t\t\r\n\r\n        <div id=\"accordionExamplePage01\">\r\n                            <div class=\"faq__area-item\">\r\n                    <h6 class=\"icon page \" data-bs-toggle=\"collapse\"\r\n                        data-bs-target=\"#collapse001\">\u00bfQu\u00e9 es la nutrici\u00f3n?<\/h6>\r\n                    <div id=\"collapse001\"\r\n                        class=\"faq__area-item-body collapse show \"\r\n                        data-bs-parent=\"#accordionExamplePage01\">\r\n                        <p>\r\n                            Es la ciencia que estudia la relaci\u00f3n entre el organismo, los nutrientes y la salud. Un organismo sano requiere el aporte adecuado de nutrientes. El aporte inadecuado de nutrientes genera enfermedad.                        <\/p>\r\n                    <\/div>\r\n                <\/div>\r\n                            <div class=\"faq__area-item\">\r\n                    <h6 class=\"icon page collapsed\" data-bs-toggle=\"collapse\"\r\n                        data-bs-target=\"#collapse101\">\u00bfQu\u00e9 relaci\u00f3n hay entre nutrici\u00f3n y TEA y TDAH?<\/h6>\r\n                    <div id=\"collapse101\"\r\n                        class=\"faq__area-item-body collapse  \"\r\n                        data-bs-parent=\"#accordionExamplePage01\">\r\n                        <p>\r\n                            La relaci\u00f3n en muy estrecha e involucra varias etapas de la vida. Desde el embarazo con los d\u00e9ficits de hierro, vitamina D y folatos; la etapa neonatal con el tipo de bacterias que colonizan el intestino; la lactancia con el uso de f\u00f3rmulas l\u00e1cteas; la infancia con los trastornos alimenticios asociados a la selectividad, los trastornos sensoriales y el aparecimiento de alergias e intolerancias alimentarias; la edad escolar con las manifestaciones cl\u00ednicas del intestino permeable y la disbiosis, agravadas por el consumo de productos procesados altamente t\u00f3xicos que generan grandes da\u00f1os en estas personas gen\u00e9ticamente predispuestas.                         <\/p>\r\n                    <\/div>\r\n                <\/div>\r\n                            <div class=\"faq__area-item\">\r\n                    <h6 class=\"icon page collapsed\" data-bs-toggle=\"collapse\"\r\n                        data-bs-target=\"#collapse201\">\u00bfQu\u00e9 ganamos mi hijo y yo con la valoraci\u00f3n y tratamiento nutricional?<\/h6>\r\n                    <div id=\"collapse201\"\r\n                        class=\"faq__area-item-body collapse  \"\r\n                        data-bs-parent=\"#accordionExamplePage01\">\r\n                        <p>\r\n                            Si bien es cierto que los signos y s\u00edntomas m\u00e1s \u201cvisibles\u201d del TEA y TDAH son neurol\u00f3gicos y conductuales, estos SIEMPRE se acompa\u00f1an de patolog\u00edas digestivas que a su vez desencadenan inflamaci\u00f3n, intoxicaci\u00f3n y malnutrici\u00f3n. \nDiagnosticar, tratar y corregir estas patolog\u00edas asociadas lograr\u00e1 que muchos s\u00edntomas (estereotipias, trastornos del sue\u00f1o, manipulaci\u00f3n de genitales, etc.) disminuyan o se corrijan, y que las terapias de maduraci\u00f3n (estimulaci\u00f3n, educativas, etc.) logren mejores resultados. \nUn ni\u00f1o con dolor y distenci\u00f3n abdominal por disbiosis, secreci\u00f3n nasal o picaz\u00f3n del cuerpo por alergia, cansado por no haber dormido bien debido a los trastornos del sue\u00f1o, con d\u00e9ficit de vitaminas o minerales cr\u00edticos para la funci\u00f3n cognitiva debido a la selectividad alimentaria o a la malabsorci\u00f3n intestinal, que est\u00e1 estre\u00f1ido, etc., etc., \u2026 \u00bfEstar\u00e1 en condiciones de aprovechar todo el potencial de las terapias que recibe?                        <\/p>\r\n                    <\/div>\r\n                <\/div>\r\n                            <div class=\"faq__area-item\">\r\n                    <h6 class=\"icon page collapsed\" data-bs-toggle=\"collapse\"\r\n                        data-bs-target=\"#collapse301\">\u00bfLa evaluaci\u00f3n y el tratamiento nutricional del TEA y TDAH es igual en todos los pacientes?<\/h6>\r\n                    <div id=\"collapse301\"\r\n                        class=\"faq__area-item-body collapse  \"\r\n                        data-bs-parent=\"#accordionExamplePage01\">\r\n                        <p>\r\n                            Cada persona es \u00fanica, por ello, las evaluaciones e intervenciones nutricionales son individualizadas seg\u00fan los antecedentes patol\u00f3gicos, las manifestaciones cl\u00ednicas, el medio en el que vive, la edad y el resultado de las pruebas de laboratorio.                        <\/p>\r\n                    <\/div>\r\n                <\/div>\r\n                            <div class=\"faq__area-item\">\r\n                    <h6 class=\"icon page collapsed\" data-bs-toggle=\"collapse\"\r\n                        data-bs-target=\"#collapse401\">\u00bfEl tratamiento nutricional del TEA y TDAH es SOLAMENTE retirar la leche, pan y soya?<\/h6>\r\n                    <div id=\"collapse401\"\r\n                        class=\"faq__area-item-body collapse  \"\r\n                        data-bs-parent=\"#accordionExamplePage01\">\r\n                        <p>\r\n                            No, el tratamiento nutricional es mucho m\u00e1s complejo. Hay otras sustancias que le hacen da\u00f1o al cerebro y que hay que identificar y retirar, como por ejemplo los productos procesados, los contaminantes ambientales (pesticidas, herbicidas, metales pesados) o los alimentos a los que es al\u00e9rgico o intolerante. Adem\u00e1s, hay trastornos que deben ser tratados como la selectividad alimentaria, el retardo en la maduraci\u00f3n oral, la hipoclorhidria, la alteraci\u00f3n del peristaltismo intestinal, la disbiosis bacteriana o mic\u00f3tica, la parasitosis, las fisuras anales y los d\u00e9ficits espec\u00edficos de colesterol, vitaminas, minerales y oligoelementos, etc.                         <\/p>\r\n                    <\/div>\r\n                <\/div>\r\n                            <div class=\"faq__area-item\">\r\n                    <h6 class=\"icon page collapsed\" data-bs-toggle=\"collapse\"\r\n                        data-bs-target=\"#collapse501\">\u00bfFunciona la terapia nutricional en los ni\u00f1os con Autismo, TDA y TDAH?<\/h6>\r\n                    <div id=\"collapse501\"\r\n                        class=\"faq__area-item-body collapse  \"\r\n                        data-bs-parent=\"#accordionExamplePage01\">\r\n                        <p>\r\n                            Funciona, es decisiva para una mejor evoluci\u00f3n de los chicos, y los resultados son evidenciados al poco tiempo por los padres y cuidadores. Es el despertar de un cerebro intoxicado, inflamado y mal nutrido. (https:\/\/pubmed.ncbi.nlm.nih.gov\/29562612\/)                        <\/p>\r\n                    <\/div>\r\n                <\/div>\r\n                            <div class=\"faq__area-item\">\r\n                    <h6 class=\"icon page collapsed\" data-bs-toggle=\"collapse\"\r\n                        data-bs-target=\"#collapse601\">\u00bfLa evaluaci\u00f3n nutricional en ni\u00f1os con TEA y TDAH es igual a la que se hace con ni\u00f1os neurot\u00edpicos?<\/h6>\r\n                    <div id=\"collapse601\"\r\n                        class=\"faq__area-item-body collapse  \"\r\n                        data-bs-parent=\"#accordionExamplePage01\">\r\n                        <p>\r\n                            No es igual. Requiere mayor \u00e9nfasis en la historia cl\u00ednica, el examen f\u00edsico, la antropometr\u00eda, y el apoyo de ex\u00e1menes especializados.                        <\/p>\r\n                    <\/div>\r\n                <\/div>\r\n                            <div class=\"faq__area-item\">\r\n                    <h6 class=\"icon page collapsed\" data-bs-toggle=\"collapse\"\r\n                        data-bs-target=\"#collapse701\">\u00bfSe pueden hacer todos los ex\u00e1menes necesarios en Ecuador?<\/h6>\r\n                    <div id=\"collapse701\"\r\n                        class=\"faq__area-item-body collapse  \"\r\n                        data-bs-parent=\"#accordionExamplePage01\">\r\n                        <p>\r\n                            Los ex\u00e1menes b\u00e1sicos se pueden realizar en el pa\u00eds, sin embargo, dependiendo del caso, puede ser necesario pedir an\u00e1lisis especializados. Estos los solicitamos a laboratorios de EEUU con los que tenemos convenios.                         <\/p>\r\n                    <\/div>\r\n                <\/div>\r\n                            <div class=\"faq__area-item\">\r\n                    <h6 class=\"icon page collapsed\" data-bs-toggle=\"collapse\"\r\n                        data-bs-target=\"#collapse801\">\u00bfEs necesaria la suplementaci\u00f3n con vitaminas y minerales en el TEA y TDAH?<\/h6>\r\n                    <div id=\"collapse801\"\r\n                        class=\"faq__area-item-body collapse  \"\r\n                        data-bs-parent=\"#accordionExamplePage01\">\r\n                        <p>\r\n                            Los trastornos alimentarios generan una inadecuada e insuficiente ingesta de nutrientes en el paciente, y los que consume, son mal absorbidos por un intestino inflamado y permeable. Es por esto que la gran mayor\u00eda de chicos necesita el apoyo adicional de la suplementaci\u00f3n con vitaminas y minerales.                        <\/p>\r\n                    <\/div>\r\n                <\/div>\r\n                            <div class=\"faq__area-item\">\r\n                    <h6 class=\"icon page collapsed\" data-bs-toggle=\"collapse\"\r\n                        data-bs-target=\"#collapse901\">\u00bfEn la suplementaci\u00f3n con vitaminas y minerales se puede usar cualquier multivitam\u00ednico?<\/h6>\r\n                    <div id=\"collapse901\"\r\n                        class=\"faq__area-item-body collapse  \"\r\n                        data-bs-parent=\"#accordionExamplePage01\">\r\n                        <p>\r\n                            No, no se puede administrar cualquier multivitam\u00ednico. El suplemento prescrito debe estar libre, entre otras cosas, de colorantes, gluten, az\u00facar, etc., y aportar las vitaminas y minerales en las formas qu\u00edmicas que el organismo del paciente pueda absorber.                         <\/p>\r\n                    <\/div>\r\n                <\/div>\r\n                    <\/div>\r\n\r\n        \t\t\t\t<\/div>\n\t\t\t\t<\/div>\n\t\t\t\t\t<\/div>\n\t\t\t\t<\/div>\n\t\t\t\t\t<\/div>\n\t\t\t\t<\/div>\n\t\t\t\t<\/div>\n\t\t","protected":false},"excerpt":{"rendered":"<p>Encuentra el apoyo que necesitas para guiar a tus peque\u00f1os hacia una vida saludable \u00bfQu\u00e9 es la nutrici\u00f3n? Es la ciencia que estudia la relaci\u00f3n entre el organismo, los nutrientes y la salud. Un organismo sano requiere el aporte adecuado de nutrientes. El aporte inadecuado de nutrientes genera enfermedad. \u00bfQu\u00e9 relaci\u00f3n hay entre nutrici\u00f3n y [&hellip;]<\/p>\n","protected":false},"author":1,"featured_media":0,"parent":0,"menu_order":0,"comment_status":"closed","ping_status":"closed","template":"page-builder.php","meta":{"_joinchat":[],"footnotes":""},"class_list":["post-47","page","type-page","status-publish","hentry"],"yoast_head":"<!-- This site is optimized with the Yoast SEO plugin v27.5 - https:\/\/yoast.com\/product\/yoast-seo-wordpress\/ -->\n<title>Preguntas Frecuentes - Nutrici\u00f3n y Autismo<\/title>\n<meta name=\"robots\" content=\"index, follow, max-snippet:-1, max-image-preview:large, max-video-preview:-1\" \/>\n<link rel=\"canonical\" href=\"https:\/\/www.nutraautism.com\/?page_id=47\" \/>\n<meta property=\"og:locale\" content=\"es_ES\" \/>\n<meta property=\"og:type\" content=\"article\" \/>\n<meta property=\"og:title\" content=\"Preguntas Frecuentes - Nutrici\u00f3n y Autismo\" \/>\n<meta property=\"og:description\" content=\"Encuentra el apoyo que necesitas para guiar a tus peque\u00f1os hacia una vida saludable \u00bfQu\u00e9 es la nutrici\u00f3n? Es la ciencia que estudia la relaci\u00f3n entre el organismo, los nutrientes y la salud. Un organismo sano requiere el aporte adecuado de nutrientes. El aporte inadecuado de nutrientes genera enfermedad. \u00bfQu\u00e9 relaci\u00f3n hay entre nutrici\u00f3n y [&hellip;]\" \/>\n<meta property=\"og:url\" content=\"https:\/\/www.nutraautism.com\/?page_id=47\" \/>\n<meta property=\"og:site_name\" content=\"Nutrici\u00f3n y Autismo\" \/>\n<meta property=\"article:publisher\" content=\"https:\/\/www.facebook.com\/profile.php?id=61556102195892\" \/>\n<meta property=\"article:modified_time\" content=\"2025-06-26T16:59:52+00:00\" \/>\n<meta property=\"og:image\" content=\"https:\/\/www.nutraautism.com\/wp-content\/uploads\/2024\/02\/nina-linda-come-ensalada-frutas-scaled-e1707168690160.jpg\" \/>\n<meta name=\"twitter:card\" content=\"summary_large_image\" \/>\n<meta name=\"twitter:label1\" content=\"Tiempo de lectura\" \/>\n\t<meta name=\"twitter:data1\" content=\"4 minutos\" \/>\n<script type=\"application\/ld+json\" class=\"yoast-schema-graph\">{\"@context\":\"https:\\\/\\\/schema.org\",\"@graph\":[{\"@type\":\"WebPage\",\"@id\":\"https:\\\/\\\/www.nutraautism.com\\\/?page_id=47\",\"url\":\"https:\\\/\\\/www.nutraautism.com\\\/?page_id=47\",\"name\":\"Preguntas Frecuentes - Nutrici\u00f3n y Autismo\",\"isPartOf\":{\"@id\":\"https:\\\/\\\/www.nutraautism.com\\\/#website\"},\"primaryImageOfPage\":{\"@id\":\"https:\\\/\\\/www.nutraautism.com\\\/?page_id=47#primaryimage\"},\"image\":{\"@id\":\"https:\\\/\\\/www.nutraautism.com\\\/?page_id=47#primaryimage\"},\"thumbnailUrl\":\"https:\\\/\\\/www.nutraautism.com\\\/wp-content\\\/uploads\\\/2024\\\/02\\\/nina-linda-come-ensalada-frutas-scaled-e1707168690160.jpg\",\"datePublished\":\"2023-07-17T14:27:31+00:00\",\"dateModified\":\"2025-06-26T16:59:52+00:00\",\"breadcrumb\":{\"@id\":\"https:\\\/\\\/www.nutraautism.com\\\/?page_id=47#breadcrumb\"},\"inLanguage\":\"es\",\"potentialAction\":[{\"@type\":\"ReadAction\",\"target\":[\"https:\\\/\\\/www.nutraautism.com\\\/?page_id=47\"]}]},{\"@type\":\"ImageObject\",\"inLanguage\":\"es\",\"@id\":\"https:\\\/\\\/www.nutraautism.com\\\/?page_id=47#primaryimage\",\"url\":\"https:\\\/\\\/www.nutraautism.com\\\/wp-content\\\/uploads\\\/2024\\\/02\\\/nina-linda-come-ensalada-frutas-scaled-e1707168690160.jpg\",\"contentUrl\":\"https:\\\/\\\/www.nutraautism.com\\\/wp-content\\\/uploads\\\/2024\\\/02\\\/nina-linda-come-ensalada-frutas-scaled-e1707168690160.jpg\",\"width\":350,\"height\":525,\"caption\":\"Healthy food at home. Cute little girl eats fruit salad\"},{\"@type\":\"BreadcrumbList\",\"@id\":\"https:\\\/\\\/www.nutraautism.com\\\/?page_id=47#breadcrumb\",\"itemListElement\":[{\"@type\":\"ListItem\",\"position\":1,\"name\":\"Portada\",\"item\":\"https:\\\/\\\/www.nutraautism.com\\\/\"},{\"@type\":\"ListItem\",\"position\":2,\"name\":\"Preguntas Frecuentes\"}]},{\"@type\":\"WebSite\",\"@id\":\"https:\\\/\\\/www.nutraautism.com\\\/#website\",\"url\":\"https:\\\/\\\/www.nutraautism.com\\\/\",\"name\":\"NutraAutism\",\"description\":\"Nutrici\u00f3n para ni\u00f1os dentro del Espectro Autista\",\"publisher\":{\"@id\":\"https:\\\/\\\/www.nutraautism.com\\\/#organization\"},\"alternateName\":\"Nutrici\u00f3n y Autismo\",\"potentialAction\":[{\"@type\":\"SearchAction\",\"target\":{\"@type\":\"EntryPoint\",\"urlTemplate\":\"https:\\\/\\\/www.nutraautism.com\\\/?s={search_term_string}\"},\"query-input\":{\"@type\":\"PropertyValueSpecification\",\"valueRequired\":true,\"valueName\":\"search_term_string\"}}],\"inLanguage\":\"es\"},{\"@type\":\"Organization\",\"@id\":\"https:\\\/\\\/www.nutraautism.com\\\/#organization\",\"name\":\"Nutrici\u00f3n y Autismo\",\"url\":\"https:\\\/\\\/www.nutraautism.com\\\/\",\"logo\":{\"@type\":\"ImageObject\",\"inLanguage\":\"es\",\"@id\":\"https:\\\/\\\/www.nutraautism.com\\\/#\\\/schema\\\/logo\\\/image\\\/\",\"url\":\"https:\\\/\\\/www.nutraautism.com\\\/wp-content\\\/uploads\\\/2024\\\/02\\\/cropped-nutra2.png\",\"contentUrl\":\"https:\\\/\\\/www.nutraautism.com\\\/wp-content\\\/uploads\\\/2024\\\/02\\\/cropped-nutra2.png\",\"width\":1103,\"height\":1176,\"caption\":\"Nutrici\u00f3n y Autismo\"},\"image\":{\"@id\":\"https:\\\/\\\/www.nutraautism.com\\\/#\\\/schema\\\/logo\\\/image\\\/\"},\"sameAs\":[\"https:\\\/\\\/www.facebook.com\\\/profile.php?id=61556102195892\"]}]}<\/script>\n<!-- \/ Yoast SEO plugin. -->","yoast_head_json":{"title":"Preguntas Frecuentes - Nutrici\u00f3n y Autismo","robots":{"index":"index","follow":"follow","max-snippet":"max-snippet:-1","max-image-preview":"max-image-preview:large","max-video-preview":"max-video-preview:-1"},"canonical":"https:\/\/www.nutraautism.com\/?page_id=47","og_locale":"es_ES","og_type":"article","og_title":"Preguntas Frecuentes - Nutrici\u00f3n y Autismo","og_description":"Encuentra el apoyo que necesitas para guiar a tus peque\u00f1os hacia una vida saludable \u00bfQu\u00e9 es la nutrici\u00f3n? Es la ciencia que estudia la relaci\u00f3n entre el organismo, los nutrientes y la salud. Un organismo sano requiere el aporte adecuado de nutrientes. El aporte inadecuado de nutrientes genera enfermedad. \u00bfQu\u00e9 relaci\u00f3n hay entre nutrici\u00f3n y [&hellip;]","og_url":"https:\/\/www.nutraautism.com\/?page_id=47","og_site_name":"Nutrici\u00f3n y Autismo","article_publisher":"https:\/\/www.facebook.com\/profile.php?id=61556102195892","article_modified_time":"2025-06-26T16:59:52+00:00","og_image":[{"url":"https:\/\/www.nutraautism.com\/wp-content\/uploads\/2024\/02\/nina-linda-come-ensalada-frutas-scaled-e1707168690160.jpg","type":"","width":"","height":""}],"twitter_card":"summary_large_image","twitter_misc":{"Tiempo de lectura":"4 minutos"},"schema":{"@context":"https:\/\/schema.org","@graph":[{"@type":"WebPage","@id":"https:\/\/www.nutraautism.com\/?page_id=47","url":"https:\/\/www.nutraautism.com\/?page_id=47","name":"Preguntas Frecuentes - Nutrici\u00f3n y Autismo","isPartOf":{"@id":"https:\/\/www.nutraautism.com\/#website"},"primaryImageOfPage":{"@id":"https:\/\/www.nutraautism.com\/?page_id=47#primaryimage"},"image":{"@id":"https:\/\/www.nutraautism.com\/?page_id=47#primaryimage"},"thumbnailUrl":"https:\/\/www.nutraautism.com\/wp-content\/uploads\/2024\/02\/nina-linda-come-ensalada-frutas-scaled-e1707168690160.jpg","datePublished":"2023-07-17T14:27:31+00:00","dateModified":"2025-06-26T16:59:52+00:00","breadcrumb":{"@id":"https:\/\/www.nutraautism.com\/?page_id=47#breadcrumb"},"inLanguage":"es","potentialAction":[{"@type":"ReadAction","target":["https:\/\/www.nutraautism.com\/?page_id=47"]}]},{"@type":"ImageObject","inLanguage":"es","@id":"https:\/\/www.nutraautism.com\/?page_id=47#primaryimage","url":"https:\/\/www.nutraautism.com\/wp-content\/uploads\/2024\/02\/nina-linda-come-ensalada-frutas-scaled-e1707168690160.jpg","contentUrl":"https:\/\/www.nutraautism.com\/wp-content\/uploads\/2024\/02\/nina-linda-come-ensalada-frutas-scaled-e1707168690160.jpg","width":350,"height":525,"caption":"Healthy food at home. Cute little girl eats fruit salad"},{"@type":"BreadcrumbList","@id":"https:\/\/www.nutraautism.com\/?page_id=47#breadcrumb","itemListElement":[{"@type":"ListItem","position":1,"name":"Portada","item":"https:\/\/www.nutraautism.com\/"},{"@type":"ListItem","position":2,"name":"Preguntas Frecuentes"}]},{"@type":"WebSite","@id":"https:\/\/www.nutraautism.com\/#website","url":"https:\/\/www.nutraautism.com\/","name":"NutraAutism","description":"Nutrici\u00f3n para ni\u00f1os dentro del Espectro Autista","publisher":{"@id":"https:\/\/www.nutraautism.com\/#organization"},"alternateName":"Nutrici\u00f3n y Autismo","potentialAction":[{"@type":"SearchAction","target":{"@type":"EntryPoint","urlTemplate":"https:\/\/www.nutraautism.com\/?s={search_term_string}"},"query-input":{"@type":"PropertyValueSpecification","valueRequired":true,"valueName":"search_term_string"}}],"inLanguage":"es"},{"@type":"Organization","@id":"https:\/\/www.nutraautism.com\/#organization","name":"Nutrici\u00f3n y Autismo","url":"https:\/\/www.nutraautism.com\/","logo":{"@type":"ImageObject","inLanguage":"es","@id":"https:\/\/www.nutraautism.com\/#\/schema\/logo\/image\/","url":"https:\/\/www.nutraautism.com\/wp-content\/uploads\/2024\/02\/cropped-nutra2.png","contentUrl":"https:\/\/www.nutraautism.com\/wp-content\/uploads\/2024\/02\/cropped-nutra2.png","width":1103,"height":1176,"caption":"Nutrici\u00f3n y Autismo"},"image":{"@id":"https:\/\/www.nutraautism.com\/#\/schema\/logo\/image\/"},"sameAs":["https:\/\/www.facebook.com\/profile.php?id=61556102195892"]}]}},"_links":{"self":[{"href":"https:\/\/www.nutraautism.com\/index.php?rest_route=\/wp\/v2\/pages\/47","targetHints":{"allow":["GET"]}}],"collection":[{"href":"https:\/\/www.nutraautism.com\/index.php?rest_route=\/wp\/v2\/pages"}],"about":[{"href":"https:\/\/www.nutraautism.com\/index.php?rest_route=\/wp\/v2\/types\/page"}],"author":[{"embeddable":true,"href":"https:\/\/www.nutraautism.com\/index.php?rest_route=\/wp\/v2\/users\/1"}],"replies":[{"embeddable":true,"href":"https:\/\/www.nutraautism.com\/index.php?rest_route=%2Fwp%2Fv2%2Fcomments&post=47"}],"version-history":[{"count":41,"href":"https:\/\/www.nutraautism.com\/index.php?rest_route=\/wp\/v2\/pages\/47\/revisions"}],"predecessor-version":[{"id":2878,"href":"https:\/\/www.nutraautism.com\/index.php?rest_route=\/wp\/v2\/pages\/47\/revisions\/2878"}],"wp:attachment":[{"href":"https:\/\/www.nutraautism.com\/index.php?rest_route=%2Fwp%2Fv2%2Fmedia&parent=47"}],"curies":[{"name":"wp","href":"https:\/\/api.w.org\/{rel}","templated":true}]}}